{"id":12757,"date":"2025-12-15T10:01:23","date_gmt":"2025-12-15T09:01:23","guid":{"rendered":"https:\/\/www.fondazionecariplo.it\/?post_type=progetto&#038;p=12757"},"modified":"2026-04-23T11:14:58","modified_gmt":"2026-04-23T09:14:58","slug":"f2c-fondazione-cariplo-for-the-climate","status":"publish","type":"progetto","link":"https:\/\/www.fondazionecariplo.it\/en\/progetto\/f2c-fondazione-cariplo-for-the-climate\/","title":{"rendered":"F2C \u2013 Fondazione Cariplo for the Climate"},"content":{"rendered":"\n<h2 class=\"wp-block-heading\"><strong><br><strong>F2C \u2013 Fondazione Cariplo for the Climate<\/strong><\/strong><\/h2>\n\n\n\n<div style=\"height:40px\" aria-hidden=\"true\" class=\"wp-block-spacer\"><\/div>\n\n\n\n<p>With the F2C \u2013 Fondazione Cariplo per il Clima project, the Foundation has been supporting <strong>climate&nbsp;change mitigation and adaptation<\/strong> in its local areas since 2019, through interventions to reduce climate-changing emissions, mitigate the impacts of extreme weather phenomena and increase natural capital. F2C also aims to&nbsp;<strong>increase institutional and citizens\u2019 knowledge and awareness<\/strong> of climate change by funding, on the one hand, of scientific analysis and research, and of cultural and dissemination activities on the other.<\/p>\n\n\n\n<p>Climate Strategy call for ideas<\/p>\n\n\n\n<p>The main tool whereby the purposes of F2C are achieved. Aimed at&nbsp;<strong>partnerships<\/strong>&nbsp;made up of municipal administrations or their groupings, parks and non-profit organisations, it supports eight groupings in the definition and implementation of&nbsp;<strong>Climate Transition Strategies (CTS)<\/strong>&nbsp;at local level.<\/p>\n\n\n\n<p><strong><strong>What is a Climate Transition Strategy?<\/strong><\/strong><\/p>\n\n\n\n<p>An operational tool that provides an <strong>analysis<\/strong> at local level from a climate perspective, indicates adaptation and mitigation\u00a0<strong>objectives<\/strong>\u00a0and\u00a0<strong>plans<\/strong>\u00a0a medium and long-term vision for local areas. The CTS also includes a number of\u00a0<strong>actions<\/strong>\u00a0to be taken, including:<\/p>\n\n\n\n<ul class=\"wp-block-list\">\n<li>appointment of a\u00a0<strong>Climate Transition Manager<\/strong><\/li>\n\n\n\n<li><strong>review<\/strong>,\u00a0<strong>harmonisation<\/strong>\u00a0and\u00a0<strong>integration<\/strong>\u00a0of the CTS with local planning tools<\/li>\n\n\n\n<li><strong>capacity building<\/strong>\u00a0pathways for public employees<\/li>\n\n\n\n<li><strong>adaptation<\/strong>\u00a0interventions with specific reference to the most disadvantaged neighbourhoods or areas<\/li>\n\n\n\n<li>actions for the protection and development of\u00a0<strong>natural capital<\/strong><\/li>\n\n\n\n<li>interventions for the establishment and launch of\u00a0<strong>Solidarity Renewable Energy Communities<\/strong><\/li>\n\n\n\n<li>purchasing decisions aimed at\u00a0<strong>replacing fossil fuels<\/strong><\/li>\n\n\n\n<li>engagement and activation of\u00a0<strong>citizens<\/strong>\u00a0and\u00a0<strong>schools<\/strong><\/li>\n\n\n\n<li>identification of\u00a0<strong>funding<\/strong>\u00a0for the implementation of the actions set out in the CTS<\/li>\n\n\n\n<li><strong>networks for local weather monitoring<\/strong><\/li>\n\n\n\n<li><strong>local agreements\u00a0<\/strong>for the Climate Transition between public and private entities.<\/li>\n<\/ul>\n\n\n\n<p>To this end, the Foundation has provided a&nbsp;<strong>Technical Assistance service<\/strong>&nbsp;delivered by qualified consultants and a grant for the implementation&nbsp;of the <strong>adaptation and mitigation interventions identified by the CTSs<\/strong>: urban forestation, soil depaving, nature-based solutions, redevelopment of wetlands and energy efficiency of buildings, stimulation of sustainable mobility, but also revision of urban planning tools, capacity building for municipal technicians, engagement of citizens and climate monitoring.<\/p>\n\n\n\n<p><strong>The total cost of the eight projects is \u20ac34.2 million<\/strong>, including \u20ac11.3 million of grants from Fondazione Cariplo, \u20ac4 million from the Lombardy Region and \u20ac18.9 million of the beneficiary entities&#8217; own resources. \u00a0<\/p>\n\n\n\n<div style=\"height:40px\" aria-hidden=\"true\" class=\"wp-block-spacer\"><\/div>\n\n\n\n<figure class=\"wp-block-table\"><table class=\"has-fixed-layout\"><tbody><tr><td><strong>Lead partner<\/strong><\/td><td><strong>Total cost<\/strong><\/td><td><strong>FC coverage<\/strong><\/td><td><strong>RL coverage<\/strong><\/td><td><strong>Other bodies\u2019 coverage<\/strong><\/td><\/tr><tr><td>Municipality of Brescia<\/td><td>\u20ac6,112,000<\/td><td>\u20ac&nbsp;1,850,000<\/td><td>\u20ac&nbsp;1,400,000<\/td><td>\u20ac2,862,000<\/td><\/tr><tr><td>Municipality of Cesano Maderno<\/td><td>\u20ac2,480,000<\/td><td>\u20ac1,020,000<\/td><td>\u20ac440,000<\/td><td>\u20ac1,020,000<\/td><\/tr><tr><td>Municipality of Bergamo<\/td><td>\u20ac8,522,849<\/td><td>\u20ac1,300,000<\/td><td>\u20ac1,100,000<\/td><td>\u20ac6,122,849<\/td><\/tr><tr><td>Municipality of Mantua<\/td><td>\u20ac3,580,736<\/td><td>\u20ac637,000<\/td><td>\u20ac1,050,000<\/td><td>\u20ac1,893,736<\/td><\/tr><tr><td>Municipality of Lentate sul Seveso<\/td><td>\u20ac3,586,461<\/td><td>\u20ac1,540,000<\/td><td>\u2013<\/td><td>\u20ac2,046,461<\/td><\/tr><tr><td>CM Valli del Verbano<\/td><td>\u20ac4,434,000<\/td><td>\u20ac1,790,000<\/td><td>\u2013<\/td><td>\u20ac2,644,000<\/td><\/tr><tr><td>Municipality of Monza<\/td><td>\u20ac2,812,840<\/td><td>\u20ac1,600,000<\/td><td>\u2013<\/td><td>\u20ac1,212,840<\/td><\/tr><tr><td>CM Valle Seriana<\/td><td>\u20ac2,687,350<\/td><td>\u20ac1,600,000<\/td><td>\u2013<\/td><td>\u20ac1,087,350<\/td><\/tr><tr><td><strong>TOTAL<\/strong><\/td><td>\u20ac<strong>34,216,236<\/strong><\/td><td>\u20ac<strong>11,337,000<\/strong><\/td><td>\u20ac<strong>3,990,000<\/strong><\/td><td>\u20ac<strong>18,889,236<\/strong><\/td><\/tr><\/tbody><\/table><\/figure>\n\n\n\n<div style=\"height:40px\" aria-hidden=\"true\" class=\"wp-block-spacer\"><\/div>\n\n\n\n<p>Since 2024, a&nbsp;<strong>Community of Practice<\/strong>&nbsp;of the selected projects has also been active, with the aim of encouraging the exchange of best practices and strengthening the skills of the CTS entities in the field of climate change.&nbsp;<\/p>\n\n\n\n<p>Finally, on 2 December 2024, the event \u201c<a href=\"https:\/\/www.fondazionecariplo.it\/strategie-per-la-transizione-climatica-citta-e-territori-protagonisti\/\"><strong>Climate Transition Strategies: cities and local areas in leading roles<\/strong><\/a>\u201d was held at the&nbsp;<strong>MEET Digital Culture Center in Milan<\/strong>: the conference served as an opportunity to discuss the concrete actions to be taken to combat climate change and how best to communicate them, with interventions by national and international experts and case studies. The day included in-depth analysis of local projects, technical sessions and debates with journalists, researchers and activists, as well as a digital exhibition of the photographs that participated in the&nbsp;2023 <strong>F2Click \u2013 Climate Objective<\/strong> competition led by the Foundation in the local areas involved in F2C.<br>Videos are available to watch the&nbsp;<a href=\"https:\/\/vimeo.com\/fondazionecariplo\/strategieclima2dic24-mattina\">morning<\/a>&nbsp;and&nbsp;<a href=\"https:\/\/vimeo.com\/fondazionecariplo\/strategieclima2dic24-pomeriggio\">afternoon<\/a> sessions.<\/p>\n\n\n\n<div style=\"height:80px\" aria-hidden=\"true\" class=\"wp-block-spacer\"><\/div>\n\n\n\n<hr class=\"wp-block-separator has-alpha-channel-opacity\"\/>\n\n\n\n<div style=\"height:40px\" aria-hidden=\"true\" class=\"wp-block-spacer\"><\/div>\n\n\n\n<h3 class=\"wp-block-heading\"><br>Projects supported through the \u201cClimate Strategy\u201d call for ideas, 2020-2025<\/h3>\n\n\n\n<div data-wp-context=\"{ &quot;autoclose&quot;: false, &quot;accordionItems&quot;: [] }\" data-wp-interactive=\"core\/accordion\" role=\"group\" class=\"wp-block-accordion is-layout-flow wp-block-accordion-is-layout-flow\">\n<div data-wp-class--is-open=\"state.isOpen\" data-wp-context=\"{ &quot;id&quot;: &quot;accordion-item-1&quot;, &quot;openByDefault&quot;: false }\" data-wp-init=\"callbacks.initAccordionItems\" data-wp-on-window--hashchange=\"callbacks.hashChange\" class=\"wp-block-accordion-item is-layout-flow wp-block-accordion-item-is-layout-flow\">\n<h5 class=\"wp-block-accordion-heading\"><button aria-expanded=\"false\" aria-controls=\"accordion-item-1-panel\" data-wp-bind--aria-expanded=\"state.isOpen\" data-wp-on--click=\"actions.toggle\" data-wp-on--keydown=\"actions.handleKeyDown\" id=\"accordion-item-1\" type=\"button\" class=\"wp-block-accordion-heading__toggle\"><span class=\"wp-block-accordion-heading__toggle-title\">Cli.C Bergamo!<\/span><span class=\"wp-block-accordion-heading__toggle-icon\" aria-hidden=\"true\">+<\/span><\/button><\/h5>\n\n\n\n<div inert aria-labelledby=\"accordion-item-1\" data-wp-bind--inert=\"!state.isOpen\" id=\"accordion-item-1-panel\" role=\"region\" class=\"wp-block-accordion-panel is-layout-flow wp-block-accordion-panel-is-layout-flow\">\n<p>Capofila: Comune di Bergamo, in partenariato con il Parco dei Colli di Bergamo, Legambiente Lombardia ed ERSAF. Il progetto intende attivare un processo di <strong>trasformazione e consapevolezza urbana <\/strong>in grado di cogliere le opportunit\u00e0 che i servizi ecosistemici offrono per affrontare gli impatti sul territorio del cambiamento climatico: eventi estremi di pioggia, rischio idrogeologico, ondate di calore. Sar\u00e0 individuata una strategia di mitigazione e adattamento che introdurr\u00e0 le molteplici e complementari competenze dei partner: decisori politici, enti di tutela del capitale naturale e societ\u00e0 civile.<\/p>\n<\/div>\n<\/div>\n<\/div>\n\n\n\n<div data-wp-context=\"{ &quot;autoclose&quot;: false, &quot;accordionItems&quot;: [] }\" data-wp-interactive=\"core\/accordion\" role=\"group\" class=\"wp-block-accordion is-layout-flow wp-block-accordion-is-layout-flow\">\n<div data-wp-class--is-open=\"state.isOpen\" data-wp-context=\"{ &quot;id&quot;: &quot;accordion-item-2&quot;, &quot;openByDefault&quot;: false }\" data-wp-init=\"callbacks.initAccordionItems\" data-wp-on-window--hashchange=\"callbacks.hashChange\" class=\"wp-block-accordion-item is-layout-flow wp-block-accordion-item-is-layout-flow\">\n<h5 class=\"wp-block-accordion-heading\"><button aria-expanded=\"false\" aria-controls=\"accordion-item-2-panel\" data-wp-bind--aria-expanded=\"state.isOpen\" data-wp-on--click=\"actions.toggle\" data-wp-on--keydown=\"actions.handleKeyDown\" id=\"accordion-item-2\" type=\"button\" class=\"wp-block-accordion-heading__toggle\"><span class=\"wp-block-accordion-heading__toggle-title\">A Natural Thread<\/span><span class=\"wp-block-accordion-heading__toggle-icon\" aria-hidden=\"true\">+<\/span><\/button><\/h5>\n\n\n\n<div inert aria-labelledby=\"accordion-item-2\" data-wp-bind--inert=\"!state.isOpen\" id=\"accordion-item-2-panel\" role=\"region\" class=\"wp-block-accordion-panel is-layout-flow wp-block-accordion-panel-is-layout-flow\">\n<p>Capofila: Comune di Brescia in partenariato con Fondazione Centro Euro-Mediterraneo sui Cambiamenti Climatici (CMCC), AmbienteParco, Parco delle Colline di Brescia. Il progetto si prefigge di rispondere a tre bisogni principali: ondate di calore, siccit\u00e0 e perdita di habitat realizzando una sorta di \u201c<strong>CITT\u00c0 OASI<\/strong>\u201d; aumento significativo dei fenomeni piovosi estremi realizzando una \u201c<strong>CITT\u00c0 SPUGNA<\/strong>\u201d; bisogno di naturalit\u00e0 dei cittadini creando una \u201c<strong>CITT\u00c0 PER LE PERSONE<\/strong>&#8220;.<\/p>\n\n\n\n<p>In particolare, le azioni di adattamento e mitigazione proposte sono collegate da un unico filo conduttore: l\u2019intenzione di <strong>incrementare il capitale naturale e la biodiversit\u00e0<\/strong> <strong>in ambiente urbano<\/strong>. Altro tema fondamentale \u00e8 la <strong>partecipazione<\/strong>: comunit\u00e0 resilienti partecipino alla progettazione degli interventi di miglioramento del microclima urbano e che si prendano cura dei nuovi spazi<\/p>\n<\/div>\n<\/div>\n<\/div>\n\n\n\n<div data-wp-context=\"{ &quot;autoclose&quot;: false, &quot;accordionItems&quot;: [] }\" data-wp-interactive=\"core\/accordion\" role=\"group\" class=\"wp-block-accordion is-layout-flow wp-block-accordion-is-layout-flow\">\n<div data-wp-class--is-open=\"state.isOpen\" data-wp-context=\"{ &quot;id&quot;: &quot;accordion-item-3&quot;, &quot;openByDefault&quot;: false }\" data-wp-init=\"callbacks.initAccordionItems\" data-wp-on-window--hashchange=\"callbacks.hashChange\" class=\"wp-block-accordion-item is-layout-flow wp-block-accordion-item-is-layout-flow\">\n<h5 class=\"wp-block-accordion-heading\"><button aria-expanded=\"false\" aria-controls=\"accordion-item-3-panel\" data-wp-bind--aria-expanded=\"state.isOpen\" data-wp-on--click=\"actions.toggle\" data-wp-on--keydown=\"actions.handleKeyDown\" id=\"accordion-item-3\" type=\"button\" class=\"wp-block-accordion-heading__toggle\"><span class=\"wp-block-accordion-heading__toggle-title\">Brianza Changes Climate<\/span><span class=\"wp-block-accordion-heading__toggle-icon\" aria-hidden=\"true\">+<\/span><\/button><\/h5>\n\n\n\n<div inert aria-labelledby=\"accordion-item-3\" data-wp-bind--inert=\"!state.isOpen\" id=\"accordion-item-3-panel\" role=\"region\" class=\"wp-block-accordion-panel is-layout-flow wp-block-accordion-panel-is-layout-flow\">\n<p>Capofila: Comune di Cesano Maderno (MB) in partenariato con i Comuni di Bovisio Masciago, Meda, Varedo, Parco delle Groane e della Brughiera Briantea, Agenzia Innova21 per lo sviluppo sostenibile, Fondazione Lombardia per l&#8217;Ambiente e l\u2019Associazione di volontari della Protezione Civile di Cesano Maderno. Il progetto intende <strong>rafforzare la capacit\u00e0 di risposta<\/strong> <strong>di una rete di enti locali agli impatti dei cambiamenti climatici<\/strong>, con un\u2019azione coordinata e sovracomunale. Oltre alla realizzazione di interventi diffusi sul territorio, si prevede la revisione degli strumenti urbanistici e attivit\u00e0 di formazione per il personale comunale, oltre alla promozione di buone pratiche di adattamento e mitigazione presso la cittadinanza<\/p>\n<\/div>\n<\/div>\n<\/div>\n\n\n\n<div data-wp-context=\"{ &quot;autoclose&quot;: false, &quot;accordionItems&quot;: [] }\" data-wp-interactive=\"core\/accordion\" role=\"group\" class=\"wp-block-accordion is-layout-flow wp-block-accordion-is-layout-flow\">\n<div data-wp-class--is-open=\"state.isOpen\" data-wp-context=\"{ &quot;id&quot;: &quot;accordion-item-4&quot;, &quot;openByDefault&quot;: false }\" data-wp-init=\"callbacks.initAccordionItems\" data-wp-on-window--hashchange=\"callbacks.hashChange\" class=\"wp-block-accordion-item is-layout-flow wp-block-accordion-item-is-layout-flow\">\n<h5 class=\"wp-block-accordion-heading\"><button aria-expanded=\"false\" aria-controls=\"accordion-item-4-panel\" data-wp-bind--aria-expanded=\"state.isOpen\" data-wp-on--click=\"actions.toggle\" data-wp-on--keydown=\"actions.handleKeyDown\" id=\"accordion-item-4\" type=\"button\" class=\"wp-block-accordion-heading__toggle\"><span class=\"wp-block-accordion-heading__toggle-title\">ACE3T \u2013 CLIMA \u2013 Water, Heat and Energy: Three pillars for the climate transition in the Mantua region<\/span><span class=\"wp-block-accordion-heading__toggle-icon\" aria-hidden=\"true\">+<\/span><\/button><\/h5>\n\n\n\n<div inert aria-labelledby=\"accordion-item-4\" data-wp-bind--inert=\"!state.isOpen\" id=\"accordion-item-4-panel\" role=\"region\" class=\"wp-block-accordion-panel is-layout-flow wp-block-accordion-panel-is-layout-flow\">\n<p>Capofila: Comune di Mantova in partenariato con i Comuni di Curtatone, Marmirolo, Porto Mantovano, San Giorgio Bigarello, Parco del Mincio, Unione Colli Mantovani e Alk\u00e9mica Cooperativa Sociale. Il progetto intende <strong>superare le criticit\u00e0 climatiche<\/strong> che compromettono la situazione idrogeologica locale con ripercussioni sulla sicurezza (allagamenti, ondate di calore), sulla qualit\u00e0 ambientale e sul sistema produttivo (siccit\u00e0 e eventi estremi distruttivi). Si lavorer\u00e0 al contempo sulla <strong>mitigazione<\/strong> (efficientamento, transizione energetica), mettendo in atto <strong>azioni ed interventi strutturali<\/strong> (regolamenti, norme) che agiscano sul costruito, sul comparto produttivo e incentivino comportamenti virtuosi.<\/p>\n<\/div>\n<\/div>\n<\/div>\n\n\n\n<div data-wp-context=\"{ &quot;autoclose&quot;: false, &quot;accordionItems&quot;: [] }\" data-wp-interactive=\"core\/accordion\" role=\"group\" class=\"wp-block-accordion is-layout-flow wp-block-accordion-is-layout-flow\">\n<div data-wp-class--is-open=\"state.isOpen\" data-wp-context=\"{ &quot;id&quot;: &quot;accordion-item-5&quot;, &quot;openByDefault&quot;: false }\" data-wp-init=\"callbacks.initAccordionItems\" data-wp-on-window--hashchange=\"callbacks.hashChange\" class=\"wp-block-accordion-item is-layout-flow wp-block-accordion-item-is-layout-flow\">\n<h5 class=\"wp-block-accordion-heading\"><button aria-expanded=\"false\" aria-controls=\"accordion-item-5-panel\" data-wp-bind--aria-expanded=\"state.isOpen\" data-wp-on--click=\"actions.toggle\" data-wp-on--keydown=\"actions.handleKeyDown\" id=\"accordion-item-5\" type=\"button\" class=\"wp-block-accordion-heading__toggle\"><span class=\"wp-block-accordion-heading__toggle-title\">Forest Climate. Combating the domino effect of climate change<\/span><span class=\"wp-block-accordion-heading__toggle-icon\" aria-hidden=\"true\">+<\/span><\/button><\/h5>\n\n\n\n<div inert aria-labelledby=\"accordion-item-5\" data-wp-bind--inert=\"!state.isOpen\" id=\"accordion-item-5-panel\" role=\"region\" class=\"wp-block-accordion-panel is-layout-flow wp-block-accordion-panel-is-layout-flow\">\n<p>Capofila: Comunit\u00e0 Montana Valli del Verbano in partenariato con Parco Regionale Campo dei Fiori; Centro per un Appropriato Sviluppo Tecnologico \u2013 CAST; Lega Italiana Protezione Uccelli ODV; Centro Geofisico Prealpino \u2013 Societ\u00e0 Astronomica G.V. Schiaparelli; Universit\u00e0 degli Studi dell\u2019Insubria. Il progetto intende elaborare delle efficaci <strong>linee guida per la pianificazione forestale e delle aree naturali<\/strong> e realizzare <strong>interventi di adattamento ai cambiamenti climatici<\/strong> su fiumi, versanti montuosi e habitat di interesse per la biodiversit\u00e0 e per la funzionalit\u00e0 nell\u2019ambito della rete ecologica e una campagna di sensibilizzazione dei cittadini e&nbsp; formazione di tecnici progettisti nella diffusione di buone pratiche energetiche e comportamenti sostenibili.<\/p>\n<\/div>\n<\/div>\n<\/div>\n\n\n\n<div data-wp-context=\"{ &quot;autoclose&quot;: false, &quot;accordionItems&quot;: [] }\" data-wp-interactive=\"core\/accordion\" role=\"group\" class=\"wp-block-accordion is-layout-flow wp-block-accordion-is-layout-flow\">\n<div data-wp-class--is-open=\"state.isOpen\" data-wp-context=\"{ &quot;id&quot;: &quot;accordion-item-6&quot;, &quot;openByDefault&quot;: false }\" data-wp-init=\"callbacks.initAccordionItems\" data-wp-on-window--hashchange=\"callbacks.hashChange\" class=\"wp-block-accordion-item is-layout-flow wp-block-accordion-item-is-layout-flow\">\n<h5 class=\"wp-block-accordion-heading\"><button aria-expanded=\"false\" aria-controls=\"accordion-item-6-panel\" data-wp-bind--aria-expanded=\"state.isOpen\" data-wp-on--click=\"actions.toggle\" data-wp-on--keydown=\"actions.handleKeyDown\" id=\"accordion-item-6\" type=\"button\" class=\"wp-block-accordion-heading__toggle\"><span class=\"wp-block-accordion-heading__toggle-title\">AgriCiclo2030<\/span><span class=\"wp-block-accordion-heading__toggle-icon\" aria-hidden=\"true\">+<\/span><\/button><\/h5>\n\n\n\n<div inert aria-labelledby=\"accordion-item-6\" data-wp-bind--inert=\"!state.isOpen\" id=\"accordion-item-6-panel\" role=\"region\" class=\"wp-block-accordion-panel is-layout-flow wp-block-accordion-panel-is-layout-flow\">\n<p>Capofila: Comune di Lentate sul Seveso in partenariato con il Comune di Barlassina, Parco Regionale delle Groane e della Brughiera Briantea, Agenzia Innova21. Il progetto intende porre l\u2019attenzione sulla <strong>mobilit\u00e0 sostenibile<\/strong> e sul <strong>ruolo del verde e delle aree agricole nel contrasto ai cambiamenti climatici<\/strong>. Le azioni sviluppate nel progetto affiancano a importanti opere di mitigazione e adattamento una pianificazione locale ambiziosa e innovativa, oltre a specifiche attivit\u00e0 di coinvolgimento degli stakeholder locali. AgriCiclo 2030 si integra in modo sinergico alla Strategia di Transizione Climatica \u201cLa Brianza Cambia Clima\u201d, sostenuta con la prima edizione della Call \u201cStrategia Clima\u201d.<\/p>\n<\/div>\n<\/div>\n<\/div>\n\n\n\n<div data-wp-context=\"{ &quot;autoclose&quot;: false, &quot;accordionItems&quot;: [] }\" data-wp-interactive=\"core\/accordion\" role=\"group\" class=\"wp-block-accordion is-layout-flow wp-block-accordion-is-layout-flow\">\n<div data-wp-class--is-open=\"state.isOpen\" data-wp-context=\"{ &quot;id&quot;: &quot;accordion-item-7&quot;, &quot;openByDefault&quot;: false }\" data-wp-init=\"callbacks.initAccordionItems\" data-wp-on-window--hashchange=\"callbacks.hashChange\" class=\"wp-block-accordion-item is-layout-flow wp-block-accordion-item-is-layout-flow\">\n<h5 class=\"wp-block-accordion-heading\"><button aria-expanded=\"false\" aria-controls=\"accordion-item-7-panel\" data-wp-bind--aria-expanded=\"state.isOpen\" data-wp-on--click=\"actions.toggle\" data-wp-on--keydown=\"actions.handleKeyDown\" id=\"accordion-item-7\" type=\"button\" class=\"wp-block-accordion-heading__toggle\"><span class=\"wp-block-accordion-heading__toggle-title\">Monza &amp; CO \u2013 Green and Blu Transition<\/span><span class=\"wp-block-accordion-heading__toggle-icon\" aria-hidden=\"true\">+<\/span><\/button><\/h5>\n\n\n\n<div inert aria-labelledby=\"accordion-item-7\" data-wp-bind--inert=\"!state.isOpen\" id=\"accordion-item-7-panel\" role=\"region\" class=\"wp-block-accordion-panel is-layout-flow wp-block-accordion-panel-is-layout-flow\">\n<p>Capofila: Comune di Monza in partenariato con il Comune di Bellusco, il Consorzio Villa Reale e Parco di Monza, il Parco regionale Valle del Lambro, l\u2019Ente Regionale Servizi Agricoltura Foreste della Lombardia (ERSAF) e Legambiente Lombardia.&nbsp;<br>La strategia che il partenariato intende definire si concentrer\u00e0, principalmente, su azioni per\u202fla <strong>riduzione degli impatti causati da eventi climatici estremi\u202f<\/strong>(alluvioni, ondate di calore, siccit\u00e0) attraverso l\u2019utilizzo di Nature Based Solutions e l\u2019abbattimento delle emissioni climalteranti attraverso interventi di efficientamento energetico del patrimonio pubblico e la realizzazione di Comunit\u00e0 Energetiche Rinnovabili.<\/p>\n<\/div>\n<\/div>\n<\/div>\n\n\n\n<div data-wp-context=\"{ &quot;autoclose&quot;: false, &quot;accordionItems&quot;: [] }\" data-wp-interactive=\"core\/accordion\" role=\"group\" class=\"wp-block-accordion is-layout-flow wp-block-accordion-is-layout-flow\">\n<div data-wp-class--is-open=\"state.isOpen\" data-wp-context=\"{ &quot;id&quot;: &quot;accordion-item-8&quot;, &quot;openByDefault&quot;: false }\" data-wp-init=\"callbacks.initAccordionItems\" data-wp-on-window--hashchange=\"callbacks.hashChange\" class=\"wp-block-accordion-item is-layout-flow wp-block-accordion-item-is-layout-flow\">\n<h5 class=\"wp-block-accordion-heading\"><button aria-expanded=\"false\" aria-controls=\"accordion-item-8-panel\" data-wp-bind--aria-expanded=\"state.isOpen\" data-wp-on--click=\"actions.toggle\" data-wp-on--keydown=\"actions.handleKeyDown\" id=\"accordion-item-8\" type=\"button\" class=\"wp-block-accordion-heading__toggle\"><span class=\"wp-block-accordion-heading__toggle-title\">RiforestAzione<\/span><span class=\"wp-block-accordion-heading__toggle-icon\" aria-hidden=\"true\">+<\/span><\/button><\/h5>\n\n\n\n<div inert aria-labelledby=\"accordion-item-8\" data-wp-bind--inert=\"!state.isOpen\" id=\"accordion-item-8-panel\" role=\"region\" class=\"wp-block-accordion-panel is-layout-flow wp-block-accordion-panel-is-layout-flow\">\n<p>Capofila: Comunit\u00e0 Montana Valle Seriana in partenariato con il Parco delle Orobie Bergamasche, la Cooperativa Eliante e l\u2019Universit\u00e0 degli Studi di Milano. La strategia si focalizzer\u00e0 principalmente su azioni per il <strong>miglioramento della gestione del bosco<\/strong>, per aumentarne la <strong>capacit\u00e0 di assorbimento di carbonio <\/strong>e per la <strong>limitazione del rischio idrogeologico<\/strong>, e l\u2019attivazione di <strong>processi di governance innovativi e partecipativi<\/strong>, in particolare capacity building per i funzionari pubblici e coinvolgimento dei cittadini.&nbsp;<\/p>\n<\/div>\n<\/div>\n<\/div>\n\n\n\n<div style=\"height:60px\" aria-hidden=\"true\" class=\"wp-block-spacer\"><\/div>\n\n\n\n<hr class=\"wp-block-separator has-alpha-channel-opacity\"\/>\n\n\n\n<div style=\"height:80px\" aria-hidden=\"true\" class=\"wp-block-spacer\"><\/div>\n\n\n\n<div style=\"height:40px\" aria-hidden=\"true\" class=\"wp-block-spacer\"><\/div>\n\n\n\n<div style=\"height:40px\" aria-hidden=\"true\" class=\"wp-block-spacer\"><\/div>\n\n\n\n<figure class=\"wp-block-gallery has-nested-images columns-default is-cropped wp-block-gallery-9 is-layout-flex wp-block-gallery-is-layout-flex\">\n<figure class=\"wp-block-image size-large\"><img loading=\"lazy\" decoding=\"async\" width=\"1024\" height=\"683\" data-id=\"10598\" src=\"https:\/\/www.fondazionecariplo.it\/wp-content\/uploads\/2025\/12\/foto-f20-meet-29-settembre-2021-prandoni-206-1-1024x683.jpg\" alt=\"\" class=\"wp-image-10598\" srcset=\"https:\/\/www.fondazionecariplo.it\/wp-content\/uploads\/2025\/12\/foto-f20-meet-29-settembre-2021-prandoni-206-1-1024x683.jpg 1024w, https:\/\/www.fondazionecariplo.it\/wp-content\/uploads\/2025\/12\/foto-f20-meet-29-settembre-2021-prandoni-206-1-300x200.jpg 300w, https:\/\/www.fondazionecariplo.it\/wp-content\/uploads\/2025\/12\/foto-f20-meet-29-settembre-2021-prandoni-206-1-768x512.jpg 768w, https:\/\/www.fondazionecariplo.it\/wp-content\/uploads\/2025\/12\/foto-f20-meet-29-settembre-2021-prandoni-206-1.jpg 1200w\" sizes=\"auto, (max-width: 1024px) 100vw, 1024px\" \/><\/figure>\n\n\n\n<figure class=\"wp-block-image size-large\"><img loading=\"lazy\" decoding=\"async\" width=\"1024\" height=\"768\" data-id=\"10599\" src=\"https:\/\/www.fondazionecariplo.it\/wp-content\/uploads\/2025\/12\/interdependence5-1024x768.jpg\" alt=\"\" class=\"wp-image-10599\" srcset=\"https:\/\/www.fondazionecariplo.it\/wp-content\/uploads\/2025\/12\/interdependence5-1024x768.jpg 1024w, https:\/\/www.fondazionecariplo.it\/wp-content\/uploads\/2025\/12\/interdependence5-300x225.jpg 300w, https:\/\/www.fondazionecariplo.it\/wp-content\/uploads\/2025\/12\/interdependence5-768x576.jpg 768w, https:\/\/www.fondazionecariplo.it\/wp-content\/uploads\/2025\/12\/interdependence5.jpg 1200w\" sizes=\"auto, (max-width: 1024px) 100vw, 1024px\" \/><\/figure>\n\n\n\n<figure class=\"wp-block-image size-large\"><img loading=\"lazy\" decoding=\"async\" width=\"1024\" height=\"660\" data-id=\"10601\" src=\"https:\/\/www.fondazionecariplo.it\/wp-content\/uploads\/2025\/12\/interdependence11-1024x660.jpg\" alt=\"\" class=\"wp-image-10601\" srcset=\"https:\/\/www.fondazionecariplo.it\/wp-content\/uploads\/2025\/12\/interdependence11-1024x660.jpg 1024w, https:\/\/www.fondazionecariplo.it\/wp-content\/uploads\/2025\/12\/interdependence11-300x194.jpg 300w, https:\/\/www.fondazionecariplo.it\/wp-content\/uploads\/2025\/12\/interdependence11-768x495.jpg 768w, https:\/\/www.fondazionecariplo.it\/wp-content\/uploads\/2025\/12\/interdependence11.jpg 1200w\" sizes=\"auto, (max-width: 1024px) 100vw, 1024px\" \/><\/figure>\n\n\n\n<figure class=\"wp-block-image size-large\"><img loading=\"lazy\" decoding=\"async\" width=\"1024\" height=\"683\" data-id=\"10602\" src=\"https:\/\/www.fondazionecariplo.it\/wp-content\/uploads\/2025\/12\/climathon11-1024x683.jpg\" alt=\"\" class=\"wp-image-10602\" srcset=\"https:\/\/www.fondazionecariplo.it\/wp-content\/uploads\/2025\/12\/climathon11-1024x683.jpg 1024w, https:\/\/www.fondazionecariplo.it\/wp-content\/uploads\/2025\/12\/climathon11-300x200.jpg 300w, https:\/\/www.fondazionecariplo.it\/wp-content\/uploads\/2025\/12\/climathon11-768x512.jpg 768w, https:\/\/www.fondazionecariplo.it\/wp-content\/uploads\/2025\/12\/climathon11.jpg 1200w\" sizes=\"auto, (max-width: 1024px) 100vw, 1024px\" \/><\/figure>\n\n\n\n<figure class=\"wp-block-image size-large\"><img loading=\"lazy\" decoding=\"async\" width=\"1024\" height=\"683\" data-id=\"10604\" src=\"https:\/\/www.fondazionecariplo.it\/wp-content\/uploads\/2025\/12\/climathon-1024x683.jpg\" alt=\"\" class=\"wp-image-10604\" srcset=\"https:\/\/www.fondazionecariplo.it\/wp-content\/uploads\/2025\/12\/climathon-1024x683.jpg 1024w, https:\/\/www.fondazionecariplo.it\/wp-content\/uploads\/2025\/12\/climathon-300x200.jpg 300w, https:\/\/www.fondazionecariplo.it\/wp-content\/uploads\/2025\/12\/climathon-768x512.jpg 768w, https:\/\/www.fondazionecariplo.it\/wp-content\/uploads\/2025\/12\/climathon.jpg 1200w\" sizes=\"auto, (max-width: 1024px) 100vw, 1024px\" \/><\/figure>\n\n\n\n<figure class=\"wp-block-image size-large\"><img loading=\"lazy\" decoding=\"async\" width=\"1024\" height=\"683\" data-id=\"10605\" src=\"https:\/\/www.fondazionecariplo.it\/wp-content\/uploads\/2025\/12\/2e5a4756-1024x683.jpeg\" alt=\"\" class=\"wp-image-10605\" srcset=\"https:\/\/www.fondazionecariplo.it\/wp-content\/uploads\/2025\/12\/2e5a4756-1024x683.jpeg 1024w, https:\/\/www.fondazionecariplo.it\/wp-content\/uploads\/2025\/12\/2e5a4756-300x200.jpeg 300w, https:\/\/www.fondazionecariplo.it\/wp-content\/uploads\/2025\/12\/2e5a4756-768x512.jpeg 768w, https:\/\/www.fondazionecariplo.it\/wp-content\/uploads\/2025\/12\/2e5a4756.jpeg 1200w\" sizes=\"auto, (max-width: 1024px) 100vw, 1024px\" \/><\/figure>\n\n\n\n<figure class=\"wp-block-image size-large\"><img loading=\"lazy\" decoding=\"async\" width=\"1024\" height=\"683\" data-id=\"10603\" src=\"https:\/\/www.fondazionecariplo.it\/wp-content\/uploads\/2025\/12\/2e5a4755-1024x683.jpeg\" alt=\"\" class=\"wp-image-10603\" srcset=\"https:\/\/www.fondazionecariplo.it\/wp-content\/uploads\/2025\/12\/2e5a4755-1024x683.jpeg 1024w, https:\/\/www.fondazionecariplo.it\/wp-content\/uploads\/2025\/12\/2e5a4755-300x200.jpeg 300w, https:\/\/www.fondazionecariplo.it\/wp-content\/uploads\/2025\/12\/2e5a4755-768x512.jpeg 768w, https:\/\/www.fondazionecariplo.it\/wp-content\/uploads\/2025\/12\/2e5a4755.jpeg 1200w\" sizes=\"auto, (max-width: 1024px) 100vw, 1024px\" \/><\/figure>\n\n\n\n<figure class=\"wp-block-image size-large\"><img loading=\"lazy\" decoding=\"async\" width=\"1024\" height=\"681\" data-id=\"10600\" src=\"https:\/\/www.fondazionecariplo.it\/wp-content\/uploads\/2025\/12\/foto-f20-meet-29-settembre-2021-prandoni-465-1024x681.jpg\" alt=\"\" class=\"wp-image-10600\" srcset=\"https:\/\/www.fondazionecariplo.it\/wp-content\/uploads\/2025\/12\/foto-f20-meet-29-settembre-2021-prandoni-465-1024x681.jpg 1024w, https:\/\/www.fondazionecariplo.it\/wp-content\/uploads\/2025\/12\/foto-f20-meet-29-settembre-2021-prandoni-465-300x200.jpg 300w, https:\/\/www.fondazionecariplo.it\/wp-content\/uploads\/2025\/12\/foto-f20-meet-29-settembre-2021-prandoni-465-768x511.jpg 768w, https:\/\/www.fondazionecariplo.it\/wp-content\/uploads\/2025\/12\/foto-f20-meet-29-settembre-2021-prandoni-465.jpg 1200w\" sizes=\"auto, (max-width: 1024px) 100vw, 1024px\" \/><\/figure>\n\n\n\n<figure class=\"wp-block-image size-large\"><img loading=\"lazy\" decoding=\"async\" width=\"1024\" height=\"683\" data-id=\"10606\" src=\"https:\/\/www.fondazionecariplo.it\/wp-content\/uploads\/2025\/12\/foto-f20-meet-29-settembre-2021-prandoni-206-1024x683.jpg\" alt=\"\" class=\"wp-image-10606\" srcset=\"https:\/\/www.fondazionecariplo.it\/wp-content\/uploads\/2025\/12\/foto-f20-meet-29-settembre-2021-prandoni-206-1024x683.jpg 1024w, https:\/\/www.fondazionecariplo.it\/wp-content\/uploads\/2025\/12\/foto-f20-meet-29-settembre-2021-prandoni-206-300x200.jpg 300w, https:\/\/www.fondazionecariplo.it\/wp-content\/uploads\/2025\/12\/foto-f20-meet-29-settembre-2021-prandoni-206-768x512.jpg 768w, https:\/\/www.fondazionecariplo.it\/wp-content\/uploads\/2025\/12\/foto-f20-meet-29-settembre-2021-prandoni-206.jpg 1200w\" sizes=\"auto, (max-width: 1024px) 100vw, 1024px\" \/><\/figure>\n<\/figure>\n\n\n\n<div style=\"height:60px\" aria-hidden=\"true\" class=\"wp-block-spacer\"><\/div>\n","protected":false},"author":1,"featured_media":0,"template":"","meta":{"_acf_changed":true,"inline_featured_image":false,"footnotes":""},"area-di-intervento":[751],"linea-di-mandato":[],"sfide-di-mandato":[],"tema":[756,765,768],"class_list":["post-12757","progetto","type-progetto","status-publish","hentry","area-di-intervento-environment-area","tema-access-to-resources","tema-cultural-and-environmental-heritage","tema-environmental-sustainability"],"acf":[],"yoast_head":"<!-- This site is optimized with the Yoast SEO plugin v27.5 - https:\/\/yoast.com\/product\/yoast-seo-wordpress\/ -->\n<title>F2C \u2013 Fondazione Cariplo for the Climate - Fondazione Cariplo<\/title>\n<meta name=\"robots\" content=\"index, follow, max-snippet:-1, max-image-preview:large, max-video-preview:-1\" \/>\n<link rel=\"canonical\" href=\"https:\/\/www.fondazionecariplo.it\/en\/progetto\/f2c-fondazione-cariplo-for-the-climate\/\" \/>\n<meta property=\"og:locale\" content=\"en_US\" \/>\n<meta property=\"og:type\" content=\"article\" \/>\n<meta property=\"og:title\" content=\"F2C \u2013 Fondazione Cariplo for the Climate - Fondazione Cariplo\" \/>\n<meta property=\"og:description\" content=\"F2C \u2013 Fondazione Cariplo for the Climate With the F2C \u2013 Fondazione Cariplo per il Clima project, the Foundation has been supporting climate&nbsp;change mitigation and adaptation in its local areas since 2019, through interventions to reduce climate-changing emissions, mitigate the impacts of extreme weather phenomena and increase natural capital. F2C also aims to&nbsp;increase institutional and [&hellip;]\" \/>\n<meta property=\"og:url\" content=\"https:\/\/www.fondazionecariplo.it\/en\/progetto\/f2c-fondazione-cariplo-for-the-climate\/\" \/>\n<meta property=\"og:site_name\" content=\"Fondazione Cariplo\" \/>\n<meta property=\"article:modified_time\" content=\"2026-04-23T09:14:58+00:00\" \/>\n<meta property=\"og:image\" content=\"https:\/\/www.fondazionecariplo.it\/wp-content\/uploads\/2025\/12\/foto-f20-meet-29-settembre-2021-prandoni-206-1.jpg\" \/>\n\t<meta property=\"og:image:width\" content=\"1200\" \/>\n\t<meta property=\"og:image:height\" content=\"800\" \/>\n\t<meta property=\"og:image:type\" content=\"image\/jpeg\" \/>\n<meta name=\"twitter:card\" content=\"summary_large_image\" \/>\n<meta name=\"twitter:label1\" content=\"Est. reading time\" \/>\n\t<meta name=\"twitter:data1\" content=\"7 minutes\" \/>\n<script type=\"application\/ld+json\" class=\"yoast-schema-graph\">{\"@context\":\"https:\\\/\\\/schema.org\",\"@graph\":[{\"@type\":\"WebPage\",\"@id\":\"https:\\\/\\\/www.fondazionecariplo.it\\\/en\\\/progetto\\\/f2c-fondazione-cariplo-for-the-climate\\\/\",\"url\":\"https:\\\/\\\/www.fondazionecariplo.it\\\/en\\\/progetto\\\/f2c-fondazione-cariplo-for-the-climate\\\/\",\"name\":\"F2C \u2013 Fondazione Cariplo for the Climate - Fondazione Cariplo\",\"isPartOf\":{\"@id\":\"https:\\\/\\\/www.fondazionecariplo.it\\\/#website\"},\"primaryImageOfPage\":{\"@id\":\"https:\\\/\\\/www.fondazionecariplo.it\\\/en\\\/progetto\\\/f2c-fondazione-cariplo-for-the-climate\\\/#primaryimage\"},\"image\":{\"@id\":\"https:\\\/\\\/www.fondazionecariplo.it\\\/en\\\/progetto\\\/f2c-fondazione-cariplo-for-the-climate\\\/#primaryimage\"},\"thumbnailUrl\":\"https:\\\/\\\/www.fondazionecariplo.it\\\/wp-content\\\/uploads\\\/2025\\\/12\\\/foto-f20-meet-29-settembre-2021-prandoni-206-1-1024x683.jpg\",\"datePublished\":\"2025-12-15T09:01:23+00:00\",\"dateModified\":\"2026-04-23T09:14:58+00:00\",\"breadcrumb\":{\"@id\":\"https:\\\/\\\/www.fondazionecariplo.it\\\/en\\\/progetto\\\/f2c-fondazione-cariplo-for-the-climate\\\/#breadcrumb\"},\"inLanguage\":\"en-US\",\"potentialAction\":[{\"@type\":\"ReadAction\",\"target\":[\"https:\\\/\\\/www.fondazionecariplo.it\\\/en\\\/progetto\\\/f2c-fondazione-cariplo-for-the-climate\\\/\"]}]},{\"@type\":\"ImageObject\",\"inLanguage\":\"en-US\",\"@id\":\"https:\\\/\\\/www.fondazionecariplo.it\\\/en\\\/progetto\\\/f2c-fondazione-cariplo-for-the-climate\\\/#primaryimage\",\"url\":\"https:\\\/\\\/www.fondazionecariplo.it\\\/wp-content\\\/uploads\\\/2025\\\/12\\\/foto-f20-meet-29-settembre-2021-prandoni-206-1-1024x683.jpg\",\"contentUrl\":\"https:\\\/\\\/www.fondazionecariplo.it\\\/wp-content\\\/uploads\\\/2025\\\/12\\\/foto-f20-meet-29-settembre-2021-prandoni-206-1-1024x683.jpg\"},{\"@type\":\"BreadcrumbList\",\"@id\":\"https:\\\/\\\/www.fondazionecariplo.it\\\/en\\\/progetto\\\/f2c-fondazione-cariplo-for-the-climate\\\/#breadcrumb\",\"itemListElement\":[{\"@type\":\"ListItem\",\"position\":1,\"name\":\"Home\",\"item\":\"https:\\\/\\\/www.fondazionecariplo.it\\\/en\\\/\"},{\"@type\":\"ListItem\",\"position\":2,\"name\":\"F2C \u2013 Fondazione Cariplo for the Climate\"}]},{\"@type\":\"WebSite\",\"@id\":\"https:\\\/\\\/www.fondazionecariplo.it\\\/#website\",\"url\":\"https:\\\/\\\/www.fondazionecariplo.it\\\/\",\"name\":\"Fondazione Cariplo\",\"description\":\"\",\"potentialAction\":[{\"@type\":\"SearchAction\",\"target\":{\"@type\":\"EntryPoint\",\"urlTemplate\":\"https:\\\/\\\/www.fondazionecariplo.it\\\/?s={search_term_string}\"},\"query-input\":{\"@type\":\"PropertyValueSpecification\",\"valueRequired\":true,\"valueName\":\"search_term_string\"}}],\"inLanguage\":\"en-US\"}]}<\/script>\n<!-- \/ Yoast SEO plugin. -->","yoast_head_json":{"title":"F2C \u2013 Fondazione Cariplo for the Climate - Fondazione Cariplo","robots":{"index":"index","follow":"follow","max-snippet":"max-snippet:-1","max-image-preview":"max-image-preview:large","max-video-preview":"max-video-preview:-1"},"canonical":"https:\/\/www.fondazionecariplo.it\/en\/progetto\/f2c-fondazione-cariplo-for-the-climate\/","og_locale":"en_US","og_type":"article","og_title":"F2C \u2013 Fondazione Cariplo for the Climate - Fondazione Cariplo","og_description":"F2C \u2013 Fondazione Cariplo for the Climate With the F2C \u2013 Fondazione Cariplo per il Clima project, the Foundation has been supporting climate&nbsp;change mitigation and adaptation in its local areas since 2019, through interventions to reduce climate-changing emissions, mitigate the impacts of extreme weather phenomena and increase natural capital. F2C also aims to&nbsp;increase institutional and [&hellip;]","og_url":"https:\/\/www.fondazionecariplo.it\/en\/progetto\/f2c-fondazione-cariplo-for-the-climate\/","og_site_name":"Fondazione Cariplo","article_modified_time":"2026-04-23T09:14:58+00:00","og_image":[{"width":1200,"height":800,"url":"https:\/\/www.fondazionecariplo.it\/wp-content\/uploads\/2025\/12\/foto-f20-meet-29-settembre-2021-prandoni-206-1.jpg","type":"image\/jpeg"}],"twitter_card":"summary_large_image","twitter_misc":{"Est. reading time":"7 minutes"},"schema":{"@context":"https:\/\/schema.org","@graph":[{"@type":"WebPage","@id":"https:\/\/www.fondazionecariplo.it\/en\/progetto\/f2c-fondazione-cariplo-for-the-climate\/","url":"https:\/\/www.fondazionecariplo.it\/en\/progetto\/f2c-fondazione-cariplo-for-the-climate\/","name":"F2C \u2013 Fondazione Cariplo for the Climate - Fondazione Cariplo","isPartOf":{"@id":"https:\/\/www.fondazionecariplo.it\/#website"},"primaryImageOfPage":{"@id":"https:\/\/www.fondazionecariplo.it\/en\/progetto\/f2c-fondazione-cariplo-for-the-climate\/#primaryimage"},"image":{"@id":"https:\/\/www.fondazionecariplo.it\/en\/progetto\/f2c-fondazione-cariplo-for-the-climate\/#primaryimage"},"thumbnailUrl":"https:\/\/www.fondazionecariplo.it\/wp-content\/uploads\/2025\/12\/foto-f20-meet-29-settembre-2021-prandoni-206-1-1024x683.jpg","datePublished":"2025-12-15T09:01:23+00:00","dateModified":"2026-04-23T09:14:58+00:00","breadcrumb":{"@id":"https:\/\/www.fondazionecariplo.it\/en\/progetto\/f2c-fondazione-cariplo-for-the-climate\/#breadcrumb"},"inLanguage":"en-US","potentialAction":[{"@type":"ReadAction","target":["https:\/\/www.fondazionecariplo.it\/en\/progetto\/f2c-fondazione-cariplo-for-the-climate\/"]}]},{"@type":"ImageObject","inLanguage":"en-US","@id":"https:\/\/www.fondazionecariplo.it\/en\/progetto\/f2c-fondazione-cariplo-for-the-climate\/#primaryimage","url":"https:\/\/www.fondazionecariplo.it\/wp-content\/uploads\/2025\/12\/foto-f20-meet-29-settembre-2021-prandoni-206-1-1024x683.jpg","contentUrl":"https:\/\/www.fondazionecariplo.it\/wp-content\/uploads\/2025\/12\/foto-f20-meet-29-settembre-2021-prandoni-206-1-1024x683.jpg"},{"@type":"BreadcrumbList","@id":"https:\/\/www.fondazionecariplo.it\/en\/progetto\/f2c-fondazione-cariplo-for-the-climate\/#breadcrumb","itemListElement":[{"@type":"ListItem","position":1,"name":"Home","item":"https:\/\/www.fondazionecariplo.it\/en\/"},{"@type":"ListItem","position":2,"name":"F2C \u2013 Fondazione Cariplo for the Climate"}]},{"@type":"WebSite","@id":"https:\/\/www.fondazionecariplo.it\/#website","url":"https:\/\/www.fondazionecariplo.it\/","name":"Fondazione Cariplo","description":"","potentialAction":[{"@type":"SearchAction","target":{"@type":"EntryPoint","urlTemplate":"https:\/\/www.fondazionecariplo.it\/?s={search_term_string}"},"query-input":{"@type":"PropertyValueSpecification","valueRequired":true,"valueName":"search_term_string"}}],"inLanguage":"en-US"}]}},"_links":{"self":[{"href":"https:\/\/www.fondazionecariplo.it\/en\/wp-json\/wp\/v2\/progetto\/12757","targetHints":{"allow":["GET"]}}],"collection":[{"href":"https:\/\/www.fondazionecariplo.it\/en\/wp-json\/wp\/v2\/progetto"}],"about":[{"href":"https:\/\/www.fondazionecariplo.it\/en\/wp-json\/wp\/v2\/types\/progetto"}],"author":[{"embeddable":true,"href":"https:\/\/www.fondazionecariplo.it\/en\/wp-json\/wp\/v2\/users\/1"}],"version-history":[{"count":0,"href":"https:\/\/www.fondazionecariplo.it\/en\/wp-json\/wp\/v2\/progetto\/12757\/revisions"}],"wp:attachment":[{"href":"https:\/\/www.fondazionecariplo.it\/en\/wp-json\/wp\/v2\/media?parent=12757"}],"wp:term":[{"taxonomy":"area-di-intervento","embeddable":true,"href":"https:\/\/www.fondazionecariplo.it\/en\/wp-json\/wp\/v2\/area-di-intervento?post=12757"},{"taxonomy":"linea-di-mandato","embeddable":true,"href":"https:\/\/www.fondazionecariplo.it\/en\/wp-json\/wp\/v2\/linea-di-mandato?post=12757"},{"taxonomy":"sfide-di-mandato","embeddable":true,"href":"https:\/\/www.fondazionecariplo.it\/en\/wp-json\/wp\/v2\/sfide-di-mandato?post=12757"},{"taxonomy":"tema","embeddable":true,"href":"https:\/\/www.fondazionecariplo.it\/en\/wp-json\/wp\/v2\/tema?post=12757"}],"curies":[{"name":"wp","href":"https:\/\/api.w.org\/{rel}","templated":true}]}}