{"id":12420,"date":"2025-12-15T17:15:25","date_gmt":"2025-12-15T16:15:25","guid":{"rendered":"https:\/\/www.fondazionecariplo.it\/?post_type=progetto&#038;p=12420"},"modified":"2026-04-22T19:45:02","modified_gmt":"2026-04-22T17:45:02","slug":"attivaree","status":"publish","type":"progetto","link":"https:\/\/www.fondazionecariplo.it\/en\/progetto\/attivaree\/","title":{"rendered":"AttivAree"},"content":{"rendered":"\n<h2 class=\"wp-block-heading\"><strong>AttivAree<\/strong><\/h2>\n\n\n\n<div style=\"height:40px\" aria-hidden=\"true\" class=\"wp-block-spacer\"><\/div>\n\n\n\n<p><strong>60% of the Italian territory consists of smaller<\/strong>, often very small towns and villages. The reasons are mainly due to the specific topography of the land, but also to history, resulting over time in complex settlement dynamics.&nbsp;<br>For the most part, these <strong>centres are distant from urban areas<\/strong>, nestled among mountain reliefs or spread off the plains: places that once, when people lived almost exclusively on agriculture, were flourishing and populated, but which with the reversal of the economic situation have begun to undergo progressive depopulation.\u202f<strong>People have begun to migrate<\/strong> towards cities in search of more viable and comfortable work and life opportunities.&nbsp;<\/p>\n\n\n\n<p>The abandonment was slow and inexorable, initially affecting the most isolated hamlets, followed by villages and finally entire areas:\u202f<strong>the marginal areas<\/strong>. Distant lands, both geographically (because they are far from the most heavily developed urban centres and organised in terms of services and opportunities) and from a cultural point of view, due to their \u2018distance\u2019 from a social evolution that has radically changed people&#8217;s needs.&nbsp;<\/p>\n\n\n\n<p>These were times of transition conditioned by an economic recovery that seemed unstoppable and which took people to the cities, where a better life was on the cards, far from rhythms dictated by nature, \u201ccalluses on the hands\u201d\u202fand the \u201cphases of the Moon\u201d.&nbsp;<\/p>\n\n\n\n<p>All this, however, has now changed and a new phase has begun. Within a couple of generations, <strong>a new awareness<\/strong> of the relationship with the land has arisen, and people learned in technology and knowledge that makes the difference return (backwards) to tread in the footsteps of their forerunners who started off in the same places&#8230;&nbsp;<\/p>\n\n\n\n<p><strong>In rural areas and villages scattered throughout Italy, the spotlight and hope have now been re-ignited<\/strong>. There is a renewed focus on these locations as ideal bastions that have preserved our history, representing \u2013 with their unique environmental, cultural and social attractions \u2013 an important part of our <strong>heritage<\/strong>.&nbsp;<br>A market now also exists, with promise and preparedness to leverage this heritage, which must therefore be systematised and <strong>looked at in a new way<\/strong>, to transform what was once a reason for abandonment into\u202fa resource and to transform what has been handed down and has remained in people&#8217;s <strong>experience<\/strong>.&nbsp;<\/p>\n\n\n\n<p>This look at the unexpressed potential of these areas has encouraged Fondazione Cariplo to promote <strong>AttivAree<\/strong>, the cross-sectoral program that aims to&nbsp;<strong>reactivate marginal areas<\/strong> in the Foundation&#8217;s catchment area and&nbsp;<strong>increase their appeal<\/strong> towards residents, potential investors and the relevant urban hubs, by leveraging the resources of the communities.&nbsp;<\/p>\n\n\n\n<div style=\"height:40px\" aria-hidden=\"true\" class=\"wp-block-spacer\"><\/div>\n\n\n\n<h3 class=\"wp-block-heading\">Objectives&nbsp;&nbsp;<\/h3>\n\n\n\n<p>The watchword is <strong>regeneration of local areas<\/strong>&nbsp;through a process of change that favours social, cultural and economic growth, to be achieved by:&nbsp;<\/p>\n\n\n\n<ul class=\"wp-block-list\">\n<li><strong>encouraging participatory processes<\/strong>&nbsp;<\/li>\n\n\n\n<li>enhancing the role and skills of the <strong>third sector<\/strong>&nbsp;<\/li>\n\n\n\n<li>adopting <strong>cross-sectoral approaches<\/strong> that integrate environmental, social, cultural, economic and research opportunities&nbsp;<\/li>\n\n\n\n<li>developing fruitful&nbsp;<strong>interactions<\/strong>&nbsp;between inland and urban areas&nbsp;<\/li>\n\n\n\n<li>reusing&nbsp;<strong>existing buildings<\/strong> that do not involve further land consumption.&nbsp;<\/li>\n<\/ul>\n\n\n\n<div style=\"height:40px\" aria-hidden=\"true\" class=\"wp-block-spacer\"><\/div>\n\n\n\n<h3 class=\"wp-block-heading\">\u202fLocal areas\u202f&nbsp;<\/h3>\n\n\n\n<p>The AttivAree programme is funding <strong>two projects for the \u201crenaissance\u201d of inland areas<\/strong> selected based on the project ideas submitted by 11 local areas in Lombardy and Verbano-Cusio-Ossola during the call for proposals phase that ended on 30 June 2016. The projects, which cover the inland areas of the <strong>Oltrep\u00f2 Pavese<\/strong> and the <strong>Trompia and Sabbia<\/strong> valleys in Brescia province, have grasped the idea of the development and structured consolidation of an imaginary bridge to the city and the larger urban centres, not in terms of subordination or loss of identity but of complementarity and exchange of know-how and services. Likewise, they have shared a reinterpretation of the role of <strong>agriculture in more modern environmental, social and scientific terms<\/strong>.&nbsp;<\/p>\n\n\n\n<div style=\"height:40px\" aria-hidden=\"true\" class=\"wp-block-spacer\"><\/div>\n\n\n\n<h3 class=\"wp-block-heading\">Projects&nbsp;<\/h3>\n\n\n\n<div data-wp-context=\"{ &quot;autoclose&quot;: false, &quot;accordionItems&quot;: [] }\" data-wp-interactive=\"core\/accordion\" role=\"group\" class=\"wp-block-accordion is-layout-flow wp-block-accordion-is-layout-flow\">\n<div data-wp-class--is-open=\"state.isOpen\" data-wp-context=\"{ &quot;id&quot;: &quot;accordion-item-1&quot;, &quot;openByDefault&quot;: false }\" data-wp-init=\"callbacks.initAccordionItems\" data-wp-on-window--hashchange=\"callbacks.hashChange\" class=\"wp-block-accordion-item is-layout-flow wp-block-accordion-item-is-layout-flow\">\n<h5 class=\"wp-block-accordion-heading\"><button aria-expanded=\"false\" aria-controls=\"accordion-item-1-panel\" data-wp-bind--aria-expanded=\"state.isOpen\" data-wp-on--click=\"actions.toggle\" data-wp-on--keydown=\"actions.handleKeyDown\" id=\"accordion-item-1\" type=\"button\" class=\"wp-block-accordion-heading__toggle\"><span class=\"wp-block-accordion-heading__toggle-title\"><strong>Oltrep\u00f2(BIO)diverso&nbsp;<\/strong><\/span><span class=\"wp-block-accordion-heading__toggle-icon\" aria-hidden=\"true\">+<\/span><\/button><\/h5>\n\n\n\n<div inert aria-labelledby=\"accordion-item-1\" data-wp-bind--inert=\"!state.isOpen\" id=\"accordion-item-1-panel\" role=\"region\" class=\"wp-block-accordion-panel is-layout-flow wp-block-accordion-panel-is-layout-flow\">\n<p>Nel \u202fprogetto\u202f<strong>Oltrep\u00f2(BIO)diverso<\/strong>, promosso dalla Fondazione Sviluppo Oltrep\u00f2 Pavese, si punta \u202fsulla biodiversit\u00e0 come fattore di competitivit\u00e0, connessione, sviluppo e ripopolamento,\u202fun\u202f\u202fprogetto che si pu\u00f2 definire di \u201crigenerazione rurale e comunitaria&#8221;. La biodiversit\u00e0 \u00e8 intesa anche in senso sociale, culturale e interculturale, attribuendo un rinnovato ruolo all\u2019agricoltura e al paesaggio anche come ambiti di applicazione di ricerca scientifica. L&#8217;accesso alla terra \u00e8 un elemento fondamentale per promuovere l\u2019attivit\u00e0 agricola multifunzionale e per questo si intende lavorare per il superamento della frammentazione fondiaria e per la valorizzazione del patrimonio di biodiversit\u00e0 (ad esempio, la ricchezza di specie di farfalle presenti in Oltrep\u00f2 \u00e8\u202f\u202fpari a quella dell&#8217;intera Gran Bretagna). Collegata a questa visione, \u00e8 l&#8217;idea di aprire la comunit\u00e0 locale a giovani e migranti e di sviluppare nuovi servizi che favoriscano il ripopolamento rurale e la conciliazione lavoro-famiglie e quindi una maggiore occupazione femminile, nonch\u00e9 la riattivazione di luoghi che rafforzi il processo di identit\u00e0 culturale collettiva.&nbsp;<\/p>\n<\/div>\n<\/div>\n<\/div>\n\n\n\n<div data-wp-context=\"{ &quot;autoclose&quot;: false, &quot;accordionItems&quot;: [] }\" data-wp-interactive=\"core\/accordion\" role=\"group\" class=\"wp-block-accordion is-layout-flow wp-block-accordion-is-layout-flow\">\n<div data-wp-class--is-open=\"state.isOpen\" data-wp-context=\"{ &quot;id&quot;: &quot;accordion-item-2&quot;, &quot;openByDefault&quot;: false }\" data-wp-init=\"callbacks.initAccordionItems\" data-wp-on-window--hashchange=\"callbacks.hashChange\" class=\"wp-block-accordion-item is-layout-flow wp-block-accordion-item-is-layout-flow\">\n<h5 class=\"wp-block-accordion-heading\"><button aria-expanded=\"false\" aria-controls=\"accordion-item-2-panel\" data-wp-bind--aria-expanded=\"state.isOpen\" data-wp-on--click=\"actions.toggle\" data-wp-on--keydown=\"actions.handleKeyDown\" id=\"accordion-item-2\" type=\"button\" class=\"wp-block-accordion-heading__toggle\"><span class=\"wp-block-accordion-heading__toggle-title\"><strong>Valli Resilienti<\/strong><\/span><span class=\"wp-block-accordion-heading__toggle-icon\" aria-hidden=\"true\">+<\/span><\/button><\/h5>\n\n\n\n<div inert aria-labelledby=\"accordion-item-2\" data-wp-bind--inert=\"!state.isOpen\" id=\"accordion-item-2-panel\" role=\"region\" class=\"wp-block-accordion-panel is-layout-flow wp-block-accordion-panel-is-layout-flow\">\n<p>Nel progetto\u202f<strong>\u201cValli Resilienti\u201d<\/strong>, proposto dalle Comunit\u00e0 Montane di Valle Trompia e Valle Sabbia, l&#8217;idea di rilancio \u00e8 basata su una strategia articolata su diversi ambiti tematici, che punta a valorizzare le esperienze e competenze del territorio, insieme alle opportunit\u00e0 offerte dalle nuove tecnologie. Vi \u00e8 inoltre un buon equilibrio tra il &#8220;dentro&#8221; e il &#8220;fuori&#8221;: da un lato servizi di prossimit\u00e0 agli abitanti gestiti in rete attraverso cooperative sociali e azioni di valorizzazione di prodotti locali, dall&#8217;altro efficienza amministrativa per attrarre nuovi investitori o accoglienza specializzata per target sociali fragili provenienti anche da altri territori. La leva che si intende utilizzare si basa sulla volont\u00e0 di collaborazione e reciproca contaminazione tra i partner, scambiandosi buone pratiche e replicando quelle che funzionano.&nbsp;<\/p>\n<\/div>\n<\/div>\n<\/div>\n\n\n\n<div style=\"height:100px\" aria-hidden=\"true\" class=\"wp-block-spacer\"><\/div>\n","protected":false},"author":1,"featured_media":12421,"template":"","meta":{"_acf_changed":false,"inline_featured_image":false,"footnotes":""},"area-di-intervento":[752,751,755],"linea-di-mandato":[],"sfide-di-mandato":[],"tema":[758,759,768,760,757],"class_list":["post-12420","progetto","type-progetto","status-publish","has-post-thumbnail","hentry","area-di-intervento-arts-culture-area","area-di-intervento-environment-area","area-di-intervento-social-human-services-area","tema-active-citizenship","tema-co-design","tema-environmental-sustainability","tema-local-area-competitiveness","tema-well-being"],"acf":[],"yoast_head":"<!-- This site is optimized with the Yoast SEO plugin v27.5 - https:\/\/yoast.com\/product\/yoast-seo-wordpress\/ -->\n<title>AttivAree - Fondazione Cariplo<\/title>\n<meta name=\"robots\" content=\"index, follow, max-snippet:-1, max-image-preview:large, max-video-preview:-1\" \/>\n<link rel=\"canonical\" href=\"https:\/\/www.fondazionecariplo.it\/en\/progetto\/attivaree\/\" \/>\n<meta property=\"og:locale\" content=\"en_US\" \/>\n<meta property=\"og:type\" content=\"article\" \/>\n<meta property=\"og:title\" content=\"AttivAree - Fondazione Cariplo\" \/>\n<meta property=\"og:description\" content=\"AttivAree 60% of the Italian territory consists of smaller, often very small towns and villages. The reasons are mainly due to the specific topography of the land, but also to history, resulting over time in complex settlement dynamics.&nbsp;For the most part, these centres are distant from urban areas, nestled among mountain reliefs or spread off [&hellip;]\" \/>\n<meta property=\"og:url\" content=\"https:\/\/www.fondazionecariplo.it\/en\/progetto\/attivaree\/\" \/>\n<meta property=\"og:site_name\" content=\"Fondazione Cariplo\" \/>\n<meta property=\"article:modified_time\" content=\"2026-04-22T17:45:02+00:00\" \/>\n<meta property=\"og:image\" content=\"https:\/\/www.fondazionecariplo.it\/wp-content\/uploads\/2025\/12\/attiv-aree_logo.jpg\" \/>\n\t<meta property=\"og:image:width\" content=\"634\" \/>\n\t<meta property=\"og:image:height\" content=\"355\" \/>\n\t<meta property=\"og:image:type\" content=\"image\/jpeg\" \/>\n<meta name=\"twitter:card\" content=\"summary_large_image\" \/>\n<meta name=\"twitter:label1\" content=\"Est. reading time\" \/>\n\t<meta name=\"twitter:data1\" content=\"5 minutes\" \/>\n<script type=\"application\/ld+json\" class=\"yoast-schema-graph\">{\"@context\":\"https:\\\/\\\/schema.org\",\"@graph\":[{\"@type\":\"WebPage\",\"@id\":\"https:\\\/\\\/www.fondazionecariplo.it\\\/en\\\/progetto\\\/attivaree\\\/\",\"url\":\"https:\\\/\\\/www.fondazionecariplo.it\\\/en\\\/progetto\\\/attivaree\\\/\",\"name\":\"AttivAree - Fondazione Cariplo\",\"isPartOf\":{\"@id\":\"https:\\\/\\\/www.fondazionecariplo.it\\\/#website\"},\"primaryImageOfPage\":{\"@id\":\"https:\\\/\\\/www.fondazionecariplo.it\\\/en\\\/progetto\\\/attivaree\\\/#primaryimage\"},\"image\":{\"@id\":\"https:\\\/\\\/www.fondazionecariplo.it\\\/en\\\/progetto\\\/attivaree\\\/#primaryimage\"},\"thumbnailUrl\":\"https:\\\/\\\/www.fondazionecariplo.it\\\/wp-content\\\/uploads\\\/2025\\\/12\\\/attiv-aree_logo.jpg\",\"datePublished\":\"2025-12-15T16:15:25+00:00\",\"dateModified\":\"2026-04-22T17:45:02+00:00\",\"breadcrumb\":{\"@id\":\"https:\\\/\\\/www.fondazionecariplo.it\\\/en\\\/progetto\\\/attivaree\\\/#breadcrumb\"},\"inLanguage\":\"en-US\",\"potentialAction\":[{\"@type\":\"ReadAction\",\"target\":[\"https:\\\/\\\/www.fondazionecariplo.it\\\/en\\\/progetto\\\/attivaree\\\/\"]}]},{\"@type\":\"ImageObject\",\"inLanguage\":\"en-US\",\"@id\":\"https:\\\/\\\/www.fondazionecariplo.it\\\/en\\\/progetto\\\/attivaree\\\/#primaryimage\",\"url\":\"https:\\\/\\\/www.fondazionecariplo.it\\\/wp-content\\\/uploads\\\/2025\\\/12\\\/attiv-aree_logo.jpg\",\"contentUrl\":\"https:\\\/\\\/www.fondazionecariplo.it\\\/wp-content\\\/uploads\\\/2025\\\/12\\\/attiv-aree_logo.jpg\",\"width\":634,\"height\":355},{\"@type\":\"BreadcrumbList\",\"@id\":\"https:\\\/\\\/www.fondazionecariplo.it\\\/en\\\/progetto\\\/attivaree\\\/#breadcrumb\",\"itemListElement\":[{\"@type\":\"ListItem\",\"position\":1,\"name\":\"Home\",\"item\":\"https:\\\/\\\/www.fondazionecariplo.it\\\/en\\\/\"},{\"@type\":\"ListItem\",\"position\":2,\"name\":\"AttivAree\"}]},{\"@type\":\"WebSite\",\"@id\":\"https:\\\/\\\/www.fondazionecariplo.it\\\/#website\",\"url\":\"https:\\\/\\\/www.fondazionecariplo.it\\\/\",\"name\":\"Fondazione Cariplo\",\"description\":\"\",\"potentialAction\":[{\"@type\":\"SearchAction\",\"target\":{\"@type\":\"EntryPoint\",\"urlTemplate\":\"https:\\\/\\\/www.fondazionecariplo.it\\\/?s={search_term_string}\"},\"query-input\":{\"@type\":\"PropertyValueSpecification\",\"valueRequired\":true,\"valueName\":\"search_term_string\"}}],\"inLanguage\":\"en-US\"}]}<\/script>\n<!-- \/ Yoast SEO plugin. -->","yoast_head_json":{"title":"AttivAree - Fondazione Cariplo","robots":{"index":"index","follow":"follow","max-snippet":"max-snippet:-1","max-image-preview":"max-image-preview:large","max-video-preview":"max-video-preview:-1"},"canonical":"https:\/\/www.fondazionecariplo.it\/en\/progetto\/attivaree\/","og_locale":"en_US","og_type":"article","og_title":"AttivAree - Fondazione Cariplo","og_description":"AttivAree 60% of the Italian territory consists of smaller, often very small towns and villages. The reasons are mainly due to the specific topography of the land, but also to history, resulting over time in complex settlement dynamics.&nbsp;For the most part, these centres are distant from urban areas, nestled among mountain reliefs or spread off [&hellip;]","og_url":"https:\/\/www.fondazionecariplo.it\/en\/progetto\/attivaree\/","og_site_name":"Fondazione Cariplo","article_modified_time":"2026-04-22T17:45:02+00:00","og_image":[{"width":634,"height":355,"url":"https:\/\/www.fondazionecariplo.it\/wp-content\/uploads\/2025\/12\/attiv-aree_logo.jpg","type":"image\/jpeg"}],"twitter_card":"summary_large_image","twitter_misc":{"Est. reading time":"5 minutes"},"schema":{"@context":"https:\/\/schema.org","@graph":[{"@type":"WebPage","@id":"https:\/\/www.fondazionecariplo.it\/en\/progetto\/attivaree\/","url":"https:\/\/www.fondazionecariplo.it\/en\/progetto\/attivaree\/","name":"AttivAree - Fondazione Cariplo","isPartOf":{"@id":"https:\/\/www.fondazionecariplo.it\/#website"},"primaryImageOfPage":{"@id":"https:\/\/www.fondazionecariplo.it\/en\/progetto\/attivaree\/#primaryimage"},"image":{"@id":"https:\/\/www.fondazionecariplo.it\/en\/progetto\/attivaree\/#primaryimage"},"thumbnailUrl":"https:\/\/www.fondazionecariplo.it\/wp-content\/uploads\/2025\/12\/attiv-aree_logo.jpg","datePublished":"2025-12-15T16:15:25+00:00","dateModified":"2026-04-22T17:45:02+00:00","breadcrumb":{"@id":"https:\/\/www.fondazionecariplo.it\/en\/progetto\/attivaree\/#breadcrumb"},"inLanguage":"en-US","potentialAction":[{"@type":"ReadAction","target":["https:\/\/www.fondazionecariplo.it\/en\/progetto\/attivaree\/"]}]},{"@type":"ImageObject","inLanguage":"en-US","@id":"https:\/\/www.fondazionecariplo.it\/en\/progetto\/attivaree\/#primaryimage","url":"https:\/\/www.fondazionecariplo.it\/wp-content\/uploads\/2025\/12\/attiv-aree_logo.jpg","contentUrl":"https:\/\/www.fondazionecariplo.it\/wp-content\/uploads\/2025\/12\/attiv-aree_logo.jpg","width":634,"height":355},{"@type":"BreadcrumbList","@id":"https:\/\/www.fondazionecariplo.it\/en\/progetto\/attivaree\/#breadcrumb","itemListElement":[{"@type":"ListItem","position":1,"name":"Home","item":"https:\/\/www.fondazionecariplo.it\/en\/"},{"@type":"ListItem","position":2,"name":"AttivAree"}]},{"@type":"WebSite","@id":"https:\/\/www.fondazionecariplo.it\/#website","url":"https:\/\/www.fondazionecariplo.it\/","name":"Fondazione Cariplo","description":"","potentialAction":[{"@type":"SearchAction","target":{"@type":"EntryPoint","urlTemplate":"https:\/\/www.fondazionecariplo.it\/?s={search_term_string}"},"query-input":{"@type":"PropertyValueSpecification","valueRequired":true,"valueName":"search_term_string"}}],"inLanguage":"en-US"}]}},"_links":{"self":[{"href":"https:\/\/www.fondazionecariplo.it\/en\/wp-json\/wp\/v2\/progetto\/12420","targetHints":{"allow":["GET"]}}],"collection":[{"href":"https:\/\/www.fondazionecariplo.it\/en\/wp-json\/wp\/v2\/progetto"}],"about":[{"href":"https:\/\/www.fondazionecariplo.it\/en\/wp-json\/wp\/v2\/types\/progetto"}],"author":[{"embeddable":true,"href":"https:\/\/www.fondazionecariplo.it\/en\/wp-json\/wp\/v2\/users\/1"}],"version-history":[{"count":0,"href":"https:\/\/www.fondazionecariplo.it\/en\/wp-json\/wp\/v2\/progetto\/12420\/revisions"}],"wp:featuredmedia":[{"embeddable":true,"href":"https:\/\/www.fondazionecariplo.it\/en\/wp-json\/wp\/v2\/media\/12421"}],"wp:attachment":[{"href":"https:\/\/www.fondazionecariplo.it\/en\/wp-json\/wp\/v2\/media?parent=12420"}],"wp:term":[{"taxonomy":"area-di-intervento","embeddable":true,"href":"https:\/\/www.fondazionecariplo.it\/en\/wp-json\/wp\/v2\/area-di-intervento?post=12420"},{"taxonomy":"linea-di-mandato","embeddable":true,"href":"https:\/\/www.fondazionecariplo.it\/en\/wp-json\/wp\/v2\/linea-di-mandato?post=12420"},{"taxonomy":"sfide-di-mandato","embeddable":true,"href":"https:\/\/www.fondazionecariplo.it\/en\/wp-json\/wp\/v2\/sfide-di-mandato?post=12420"},{"taxonomy":"tema","embeddable":true,"href":"https:\/\/www.fondazionecariplo.it\/en\/wp-json\/wp\/v2\/tema?post=12420"}],"curies":[{"name":"wp","href":"https:\/\/api.w.org\/{rel}","templated":true}]}}